{"id":2863,"date":"2019-10-22T09:53:04","date_gmt":"2019-10-22T09:53:04","guid":{"rendered":"https:\/\/www.max-lahr.lu\/event\/promenade-des-terroirs-ahn\/"},"modified":"2025-11-19T21:46:18","modified_gmt":"2025-11-19T19:46:18","slug":"promenade-des-terroirs-ahn","status":"publish","type":"tribe_events","link":"https:\/\/www.max-lahr.lu\/fr\/event\/promenade-des-terroirs-ahn\/","title":{"rendered":"Promenade des Terroirs Ahn"},"content":{"rendered":"<h3 class=\"\" data-start=\"199\" data-end=\"263\"><strong data-start=\"203\" data-end=\"263\">Promenade du Terroir \u2013 Randonn\u00e9e gourmande \u00e0 travers les vignobles<\/strong><\/h3>\n<article class=\"text-token-text-primary w-full focus:outline-none [--shadow-height:45px] has-data-writing-block:pointer-events-none has-data-writing-block:-mt-(--shadow-height) has-data-writing-block:pt-(--shadow-height) [&amp;:has([data-writing-block])&gt;*]:pointer-events-auto [content-visibility:auto] supports-[content-visibility:auto]:[contain-intrinsic-size:auto_100lvh] scroll-mt-[calc(var(--header-height)+min(200px,max(70px,20svh)))]\" dir=\"auto\" tabindex=\"-1\" data-turn-id=\"request-WEB:d7b04a9b-b299-4d40-befc-e2fe28cb3b15-0\" data-testid=\"conversation-turn-2\" data-scroll-anchor=\"true\" data-turn=\"assistant\">\n<div class=\"text-base my-auto mx-auto pb-10 [--thread-content-margin:--spacing(4)] thread-sm:[--thread-content-margin:--spacing(6)] thread-lg:[--thread-content-margin:--spacing(16)] px-(--thread-content-margin)\">\n<div class=\"[--thread-content-max-width:40rem] thread-lg:[--thread-content-max-width:48rem] mx-auto max-w-(--thread-content-max-width) flex-1 group\/turn-messages focus-visible:outline-hidden relative flex w-full min-w-0 flex-col agent-turn\" tabindex=\"-1\">\n<div class=\"flex max-w-full flex-col grow\">\n<div class=\"min-h-8 text-message relative flex w-full flex-col items-end gap-2 text-start break-words whitespace-normal [.text-message+&amp;]:mt-1\" dir=\"auto\" data-message-author-role=\"assistant\" data-message-id=\"bf00ebc8-bf8f-414b-884c-6e0c028d9361\" data-message-model-slug=\"gpt-5-1-thinking\">\n<div class=\"flex w-full flex-col gap-1 empty:hidden first:pt-[1px]\">\n<div class=\"markdown prose dark:prose-invert w-full break-words dark markdown-new-styling\">\n<p data-start=\"0\" data-end=\"101\">Sur deux itin\u00e9raires diff\u00e9rents, vous d\u00e9couvrirez la diversit\u00e9 de notre paysage et de notre cuisine :<\/p>\n<p data-start=\"103\" data-end=\"246\"><strong data-start=\"103\" data-end=\"118\">Palmbergweg<\/strong> \u2013 le long parcours \u00e0 travers les hauteurs des vignobles avec 5 \u00e9tapes gourmandes<br data-start=\"199\" data-end=\"202\" \/>45 \u20ac par adulte | 23 \u20ac par enfant (6\u201312 ans)<\/p>\n<p data-start=\"248\" data-end=\"373\"><strong data-start=\"248\" data-end=\"263\">W\u00e9ngertswee<\/strong> \u2013 l\u2019itin\u00e9raire plus court et familial avec 4 \u00e9tapes gourmandes<br data-start=\"326\" data-end=\"329\" \/>38 \u20ac par adulte | 23 \u20ac par enfant (6\u201312 ans)<\/p>\n<p data-start=\"375\" data-end=\"649\">Les deux parcours m\u00e8nent \u00e0 des stations gourmandes avec de petites sp\u00e9cialit\u00e9s, accompagn\u00e9es des vins des vignerons d\u2019Ahn. Pour nos jeunes invit\u00e9s, il y a bien s\u00fbr du jus de raisin sans alcool \u2013 ainsi, m\u00eame les enfants peuvent profiter de cette journ\u00e9e avec tous leurs sens.<\/p>\n<p data-start=\"651\" data-end=\"759\">\ud83d\udd53 <strong data-start=\"654\" data-end=\"675\">Heure de d\u00e9part :<\/strong> entre 16h00 et 18h00<br data-start=\"696\" data-end=\"699\" \/>\ud83d\udccd <strong data-start=\"702\" data-end=\"723\">Point de d\u00e9part :<\/strong> dans le village d\u2019Ahn, Luxembourg<\/p>\n<p data-start=\"761\" data-end=\"794\"><strong data-start=\"761\" data-end=\"794\">Inscrivez-vous d\u00e8s maintenant<\/strong><\/p>\n<p data-start=\"796\" data-end=\"860\">\ud83d\udc49 <strong data-start=\"799\" data-end=\"813\">Remarque :<\/strong><br data-start=\"813\" data-end=\"816\" \/>Merci d\u2019indiquer lors de votre inscription :<\/p>\n<ul data-start=\"862\" data-end=\"1020\">\n<li data-start=\"862\" data-end=\"933\">\n<p data-start=\"864\" data-end=\"933\">Quel parcours vous souhaitez emprunter (Palmbergweg ou W\u00e9ngertswee)<\/p>\n<\/li>\n<li data-start=\"934\" data-end=\"980\">\n<p data-start=\"936\" data-end=\"980\">Le nombre de participants, enfants compris<\/p>\n<\/li>\n<li data-start=\"981\" data-end=\"1020\">\n<p data-start=\"983\" data-end=\"1020\">Si vous pr\u00e9f\u00e9rez un menu v\u00e9g\u00e9tarien<\/p>\n<\/li>\n<\/ul>\n<h3 data-start=\"1027\" data-end=\"1085\">Faire la f\u00eate \u00e0 Ahn \u2013 un plaisir m\u00eame sans randonn\u00e9e !<\/h3>\n<p data-start=\"1087\" data-end=\"1489\">Pour ceux qui pr\u00e9f\u00e8rent une ambiance plus tranquille, vous \u00eates \u00e9galement chaleureusement invit\u00e9s : toute la journ\u00e9e, une f\u00eate aura lieu dans le village d\u2019Ahn avec stand de grillades, bar \u00e0 vins, caf\u00e9 et g\u00e2teaux \u2013 parfait pour tous ceux qui souhaitent savourer le terroir dans le verre plut\u00f4t que sur le parcours de randonn\u00e9e. Pour les plus petits, un ch\u00e2teau gonflable assurera amusement et mouvement.<\/p>\n<p data-start=\"1491\" data-end=\"1628\">Randonn\u00e9e, gourmandise, f\u00eate \u2013 la Promenade du Terroir offre quelque chose pour tout le monde. Nous nous r\u00e9jouissons de vous accueillir !<\/p>\n<p data-start=\"1630\" data-end=\"1743\" data-is-last-node=\"\" data-is-only-node=\"\"><strong data-start=\"1630\" data-end=\"1644\">Remarque :<\/strong> la participation \u00e0 la Promenade du Terroir se fait sous la propre responsabilit\u00e9 des participants.<\/p>\n<\/div>\n<\/div>\n<\/div>\n<\/div>\n<div class=\"z-0 flex min-h-[46px] justify-start\"><\/div>\n<div class=\"mt-3 w-full empty:hidden\">\n<div class=\"text-center\"><\/div>\n<\/div>\n<\/div>\n<\/div>\n<\/article>\n<div class=\"pointer-events-none h-px w-px\" aria-hidden=\"true\" data-edge=\"true\"><\/div>\n","protected":false},"excerpt":{"rendered":"<h1>Promenade des Terroirs Ahn<\/h1>\n<h2>18.07.2026<\/h2>\n<p>Weitere Infos folgen<\/p>\n","protected":false},"author":1,"featured_media":2813,"template":"","meta":{"_tribe_events_status":"","_tribe_events_status_reason":"","footnotes":""},"tags":[],"tribe_events_cat":[66],"class_list":["post-2863","tribe_events","type-tribe_events","status-publish","has-post-thumbnail","hentry","tribe_events_cat-fetes-des-vins-fr","cat_fetes-des-vins-fr","description-off"],"yoast_head":"<!-- This site is optimized with the Yoast SEO plugin v27.4 - https:\/\/yoast.com\/product\/yoast-seo-wordpress\/ -->\n<title>Promenade des Terroirs Ahn | Max-Lahr et Fils<\/title>\n<meta name=\"description\" content=\"Randonn\u00e9e, gourmandise, f\u00eate \u2013 la Promenade du Terroir offre quelque chose pour tout le monde. Nous nous r\u00e9jouissons de vous accueillir !\" \/>\n<meta name=\"robots\" content=\"index, follow, max-snippet:-1, max-image-preview:large, max-video-preview:-1\" \/>\n<link rel=\"canonical\" href=\"https:\/\/www.max-lahr.lu\/fr\/event\/promenade-des-terroirs-ahn\/\" \/>\n<meta property=\"og:locale\" content=\"fr_FR\" \/>\n<meta property=\"og:type\" content=\"article\" \/>\n<meta property=\"og:title\" content=\"Promenade des Terroirs Ahn | Max-Lahr et Fils\" \/>\n<meta property=\"og:description\" content=\"Randonn\u00e9e, gourmandise, f\u00eate \u2013 la Promenade du Terroir offre quelque chose pour tout le monde. Nous nous r\u00e9jouissons de vous accueillir !\" \/>\n<meta property=\"og:url\" content=\"https:\/\/www.max-lahr.lu\/fr\/event\/promenade-des-terroirs-ahn\/\" \/>\n<meta property=\"og:site_name\" content=\"Max-Lahr et Fils\" \/>\n<meta property=\"article:modified_time\" content=\"2025-11-19T19:46:18+00:00\" \/>\n<meta property=\"og:image\" content=\"https:\/\/www.max-lahr.lu\/wp-content\/uploads\/2019\/10\/weinwangerung-traumschleife-ahn.jpg\" \/>\n\t<meta property=\"og:image:width\" content=\"733\" \/>\n\t<meta property=\"og:image:height\" content=\"686\" \/>\n\t<meta property=\"og:image:type\" content=\"image\/jpeg\" \/>\n<script type=\"application\/ld+json\" class=\"yoast-schema-graph\">{\"@context\":\"https:\\\/\\\/schema.org\",\"@graph\":[{\"@type\":\"WebPage\",\"@id\":\"https:\\\/\\\/www.max-lahr.lu\\\/fr\\\/event\\\/promenade-des-terroirs-ahn\\\/\",\"url\":\"https:\\\/\\\/www.max-lahr.lu\\\/fr\\\/event\\\/promenade-des-terroirs-ahn\\\/\",\"name\":\"Promenade des Terroirs Ahn | Max-Lahr et Fils\",\"isPartOf\":{\"@id\":\"https:\\\/\\\/www.max-lahr.lu\\\/#website\"},\"primaryImageOfPage\":{\"@id\":\"https:\\\/\\\/www.max-lahr.lu\\\/fr\\\/event\\\/promenade-des-terroirs-ahn\\\/#primaryimage\"},\"image\":{\"@id\":\"https:\\\/\\\/www.max-lahr.lu\\\/fr\\\/event\\\/promenade-des-terroirs-ahn\\\/#primaryimage\"},\"thumbnailUrl\":\"https:\\\/\\\/www.max-lahr.lu\\\/wp-content\\\/uploads\\\/2019\\\/10\\\/weinwangerung-traumschleife-ahn.jpg\",\"datePublished\":\"2019-10-22T09:53:04+00:00\",\"dateModified\":\"2025-11-19T19:46:18+00:00\",\"description\":\"Randonn\u00e9e, gourmandise, f\u00eate \u2013 la Promenade du Terroir offre quelque chose pour tout le monde. Nous nous r\u00e9jouissons de vous accueillir !\",\"breadcrumb\":{\"@id\":\"https:\\\/\\\/www.max-lahr.lu\\\/fr\\\/event\\\/promenade-des-terroirs-ahn\\\/#breadcrumb\"},\"inLanguage\":\"fr-FR\",\"potentialAction\":[{\"@type\":\"ReadAction\",\"target\":[\"https:\\\/\\\/www.max-lahr.lu\\\/fr\\\/event\\\/promenade-des-terroirs-ahn\\\/\"]}]},{\"@type\":\"ImageObject\",\"inLanguage\":\"fr-FR\",\"@id\":\"https:\\\/\\\/www.max-lahr.lu\\\/fr\\\/event\\\/promenade-des-terroirs-ahn\\\/#primaryimage\",\"url\":\"https:\\\/\\\/www.max-lahr.lu\\\/wp-content\\\/uploads\\\/2019\\\/10\\\/weinwangerung-traumschleife-ahn.jpg\",\"contentUrl\":\"https:\\\/\\\/www.max-lahr.lu\\\/wp-content\\\/uploads\\\/2019\\\/10\\\/weinwangerung-traumschleife-ahn.jpg\",\"width\":733,\"height\":686,\"caption\":\"Weinwanderung Traumschleife Palmberg\"},{\"@type\":\"BreadcrumbList\",\"@id\":\"https:\\\/\\\/www.max-lahr.lu\\\/fr\\\/event\\\/promenade-des-terroirs-ahn\\\/#breadcrumb\",\"itemListElement\":[{\"@type\":\"ListItem\",\"position\":1,\"name\":\"Home\",\"item\":\"https:\\\/\\\/www.max-lahr.lu\\\/\"},{\"@type\":\"ListItem\",\"position\":2,\"name\":\"Events\",\"item\":\"https:\\\/\\\/www.max-lahr.lu\\\/events\\\/\"},{\"@type\":\"ListItem\",\"position\":3,\"name\":\"Promenade des Terroirs Ahn\"}]},{\"@type\":\"WebSite\",\"@id\":\"https:\\\/\\\/www.max-lahr.lu\\\/#website\",\"url\":\"https:\\\/\\\/www.max-lahr.lu\\\/\",\"name\":\"Max-Lahr et Fils\",\"description\":\"Weingut und Brennerei\",\"publisher\":{\"@id\":\"https:\\\/\\\/www.max-lahr.lu\\\/#organization\"},\"potentialAction\":[{\"@type\":\"SearchAction\",\"target\":{\"@type\":\"EntryPoint\",\"urlTemplate\":\"https:\\\/\\\/www.max-lahr.lu\\\/?s={search_term_string}\"},\"query-input\":{\"@type\":\"PropertyValueSpecification\",\"valueRequired\":true,\"valueName\":\"search_term_string\"}}],\"inLanguage\":\"fr-FR\"},{\"@type\":\"Organization\",\"@id\":\"https:\\\/\\\/www.max-lahr.lu\\\/#organization\",\"name\":\"Domaine Viticole Max-Lahr et fils\",\"url\":\"https:\\\/\\\/www.max-lahr.lu\\\/\",\"logo\":{\"@type\":\"ImageObject\",\"inLanguage\":\"fr-FR\",\"@id\":\"https:\\\/\\\/www.max-lahr.lu\\\/#\\\/schema\\\/logo\\\/image\\\/\",\"url\":\"\",\"contentUrl\":\"\",\"caption\":\"Domaine Viticole Max-Lahr et fils\"},\"image\":{\"@id\":\"https:\\\/\\\/www.max-lahr.lu\\\/#\\\/schema\\\/logo\\\/image\\\/\"}}]}<\/script>\n<!-- \/ Yoast SEO plugin. -->","yoast_head_json":{"title":"Promenade des Terroirs Ahn | Max-Lahr et Fils","description":"Randonn\u00e9e, gourmandise, f\u00eate \u2013 la Promenade du Terroir offre quelque chose pour tout le monde. Nous nous r\u00e9jouissons de vous accueillir !","robots":{"index":"index","follow":"follow","max-snippet":"max-snippet:-1","max-image-preview":"max-image-preview:large","max-video-preview":"max-video-preview:-1"},"canonical":"https:\/\/www.max-lahr.lu\/fr\/event\/promenade-des-terroirs-ahn\/","og_locale":"fr_FR","og_type":"article","og_title":"Promenade des Terroirs Ahn | Max-Lahr et Fils","og_description":"Randonn\u00e9e, gourmandise, f\u00eate \u2013 la Promenade du Terroir offre quelque chose pour tout le monde. Nous nous r\u00e9jouissons de vous accueillir !","og_url":"https:\/\/www.max-lahr.lu\/fr\/event\/promenade-des-terroirs-ahn\/","og_site_name":"Max-Lahr et Fils","article_modified_time":"2025-11-19T19:46:18+00:00","og_image":[{"width":733,"height":686,"url":"https:\/\/www.max-lahr.lu\/wp-content\/uploads\/2019\/10\/weinwangerung-traumschleife-ahn.jpg","type":"image\/jpeg"}],"schema":{"@context":"https:\/\/schema.org","@graph":[{"@type":"WebPage","@id":"https:\/\/www.max-lahr.lu\/fr\/event\/promenade-des-terroirs-ahn\/","url":"https:\/\/www.max-lahr.lu\/fr\/event\/promenade-des-terroirs-ahn\/","name":"Promenade des Terroirs Ahn | Max-Lahr et Fils","isPartOf":{"@id":"https:\/\/www.max-lahr.lu\/#website"},"primaryImageOfPage":{"@id":"https:\/\/www.max-lahr.lu\/fr\/event\/promenade-des-terroirs-ahn\/#primaryimage"},"image":{"@id":"https:\/\/www.max-lahr.lu\/fr\/event\/promenade-des-terroirs-ahn\/#primaryimage"},"thumbnailUrl":"https:\/\/www.max-lahr.lu\/wp-content\/uploads\/2019\/10\/weinwangerung-traumschleife-ahn.jpg","datePublished":"2019-10-22T09:53:04+00:00","dateModified":"2025-11-19T19:46:18+00:00","description":"Randonn\u00e9e, gourmandise, f\u00eate \u2013 la Promenade du Terroir offre quelque chose pour tout le monde. Nous nous r\u00e9jouissons de vous accueillir !","breadcrumb":{"@id":"https:\/\/www.max-lahr.lu\/fr\/event\/promenade-des-terroirs-ahn\/#breadcrumb"},"inLanguage":"fr-FR","potentialAction":[{"@type":"ReadAction","target":["https:\/\/www.max-lahr.lu\/fr\/event\/promenade-des-terroirs-ahn\/"]}]},{"@type":"ImageObject","inLanguage":"fr-FR","@id":"https:\/\/www.max-lahr.lu\/fr\/event\/promenade-des-terroirs-ahn\/#primaryimage","url":"https:\/\/www.max-lahr.lu\/wp-content\/uploads\/2019\/10\/weinwangerung-traumschleife-ahn.jpg","contentUrl":"https:\/\/www.max-lahr.lu\/wp-content\/uploads\/2019\/10\/weinwangerung-traumschleife-ahn.jpg","width":733,"height":686,"caption":"Weinwanderung Traumschleife Palmberg"},{"@type":"BreadcrumbList","@id":"https:\/\/www.max-lahr.lu\/fr\/event\/promenade-des-terroirs-ahn\/#breadcrumb","itemListElement":[{"@type":"ListItem","position":1,"name":"Home","item":"https:\/\/www.max-lahr.lu\/"},{"@type":"ListItem","position":2,"name":"Events","item":"https:\/\/www.max-lahr.lu\/events\/"},{"@type":"ListItem","position":3,"name":"Promenade des Terroirs Ahn"}]},{"@type":"WebSite","@id":"https:\/\/www.max-lahr.lu\/#website","url":"https:\/\/www.max-lahr.lu\/","name":"Max-Lahr et Fils","description":"Weingut und Brennerei","publisher":{"@id":"https:\/\/www.max-lahr.lu\/#organization"},"potentialAction":[{"@type":"SearchAction","target":{"@type":"EntryPoint","urlTemplate":"https:\/\/www.max-lahr.lu\/?s={search_term_string}"},"query-input":{"@type":"PropertyValueSpecification","valueRequired":true,"valueName":"search_term_string"}}],"inLanguage":"fr-FR"},{"@type":"Organization","@id":"https:\/\/www.max-lahr.lu\/#organization","name":"Domaine Viticole Max-Lahr et fils","url":"https:\/\/www.max-lahr.lu\/","logo":{"@type":"ImageObject","inLanguage":"fr-FR","@id":"https:\/\/www.max-lahr.lu\/#\/schema\/logo\/image\/","url":"","contentUrl":"","caption":"Domaine Viticole Max-Lahr et fils"},"image":{"@id":"https:\/\/www.max-lahr.lu\/#\/schema\/logo\/image\/"}}]}},"_links":{"self":[{"href":"https:\/\/www.max-lahr.lu\/fr\/wp-json\/wp\/v2\/tribe_events\/2863","targetHints":{"allow":["GET"]}}],"collection":[{"href":"https:\/\/www.max-lahr.lu\/fr\/wp-json\/wp\/v2\/tribe_events"}],"about":[{"href":"https:\/\/www.max-lahr.lu\/fr\/wp-json\/wp\/v2\/types\/tribe_events"}],"author":[{"embeddable":true,"href":"https:\/\/www.max-lahr.lu\/fr\/wp-json\/wp\/v2\/users\/1"}],"version-history":[{"count":0,"href":"https:\/\/www.max-lahr.lu\/fr\/wp-json\/wp\/v2\/tribe_events\/2863\/revisions"}],"wp:featuredmedia":[{"embeddable":true,"href":"https:\/\/www.max-lahr.lu\/fr\/wp-json\/wp\/v2\/media\/2813"}],"wp:attachment":[{"href":"https:\/\/www.max-lahr.lu\/fr\/wp-json\/wp\/v2\/media?parent=2863"}],"wp:term":[{"taxonomy":"post_tag","embeddable":true,"href":"https:\/\/www.max-lahr.lu\/fr\/wp-json\/wp\/v2\/tags?post=2863"},{"taxonomy":"tribe_events_cat","embeddable":true,"href":"https:\/\/www.max-lahr.lu\/fr\/wp-json\/wp\/v2\/tribe_events_cat?post=2863"}],"curies":[{"name":"wp","href":"https:\/\/api.w.org\/{rel}","templated":true}]}}