{"id":4559,"date":"2022-02-10T12:00:42","date_gmt":"2022-02-10T12:00:42","guid":{"rendered":"https:\/\/www.max-lahr.lu\/der-online-shop\/weinpakete\/"},"modified":"2024-12-11T00:22:40","modified_gmt":"2024-12-10T22:22:40","slug":"nos-paquets-de-vins","status":"publish","type":"page","link":"https:\/\/www.max-lahr.lu\/fr\/la-boutique-en-ligne\/nos-paquets-de-vins\/","title":{"rendered":"Les Paquets de Vins"},"content":{"rendered":"<div class=\"wpb-content-wrapper\"><p>[vc_row type=\u00a0\u00bbvc_default\u00a0\u00bb bg_type=\u00a0\u00bbimage\u00a0\u00bb parallax_style=\u00a0\u00bbvcpb-default\u00a0\u00bb bg_image_new=\u00a0\u00bbid^5840|url^https:\/\/www.max-lahr.lu\/wp-content\/uploads\/2023\/01\/Max-Lahr_Glaeser.jpeg|caption^null|alt^null|title^Max-Lahr_Gl\u00e4ser|description^null\u00a0\u00bb bg_override=\u00a0\u00bbex-full\u00a0\u00bb css=\u00a0\u00bb.vc_custom_1674940428253{margin-top: -20px !important;padding-top: 70px !important;padding-bottom: 70px !important;}\u00a0\u00bb][vc_column width=\u00a0\u00bb1\/4&Prime;][\/vc_column][vc_column width=\u00a0\u00bb3\/4&Prime; css=\u00a0\u00bb.vc_custom_1633631927228{padding-top: 30px !important;padding-right: 30px !important;padding-bottom: 30px !important;padding-left: 30px !important;background-color: #f4f3f3 !important;}\u00a0\u00bb el_class=\u00a0\u00bbmlf_cremants\u00a0\u00bb][vc_column_text]<\/p>\n<h1>Nos paquets de vins<\/h1>\n<p>[\/vc_column_text][\/vc_column][\/vc_row][vc_row type=\u00a0\u00bbvc_default\u00a0\u00bb bg_type=\u00a0\u00bbbg_color\u00a0\u00bb bg_override=\u00a0\u00bbex-full\u00a0\u00bb bg_color_value=\u00a0\u00bb#f4f3f3&Prime; css=\u00a0\u00bb.vc_custom_1634039123705{padding-bottom: 30px !important;}\u00a0\u00bb el_id=\u00a0\u00bbshop\u00a0\u00bb][vc_column width=\u00a0\u00bb2\/3&Prime;]<style type=\"text\/css\" data-type=\"the7_shortcodes-inline-css\">.products-shortcode.products-masonry-shortcode-id-b1ef9e8baef8abfa1ec80f6efff40315 .filter-bg-decoration .filter-categories a.act {\n  color: #fff;\n}\n.products-shortcode.products-masonry-shortcode-id-b1ef9e8baef8abfa1ec80f6efff40315:not(.resize-by-browser-width) .dt-css-grid {\n  grid-row-gap: 30px;\n  grid-column-gap: 30px;\n  grid-template-columns: repeat(auto-fill,minmax(,1fr));\n}\n.cssgridlegacy.no-cssgrid .products-shortcode.products-masonry-shortcode-id-b1ef9e8baef8abfa1ec80f6efff40315:not(.resize-by-browser-width) .dt-css-grid,\n.no-cssgridlegacy.no-cssgrid .products-shortcode.products-masonry-shortcode-id-b1ef9e8baef8abfa1ec80f6efff40315:not(.resize-by-browser-width) .dt-css-grid {\n  display: flex;\n  flex-flow: row wrap;\n  margin: -15px;\n}\n.cssgridlegacy.no-cssgrid .products-shortcode.products-masonry-shortcode-id-b1ef9e8baef8abfa1ec80f6efff40315:not(.resize-by-browser-width) .dt-css-grid .wf-cell,\n.no-cssgridlegacy.no-cssgrid .products-shortcode.products-masonry-shortcode-id-b1ef9e8baef8abfa1ec80f6efff40315:not(.resize-by-browser-width) .dt-css-grid .wf-cell {\n  flex: 1 0 ;\n  max-width: 100%;\n  padding: 15px;\n  box-sizing: border-box;\n}\n.products-shortcode.products-masonry-shortcode-id-b1ef9e8baef8abfa1ec80f6efff40315.resize-by-browser-width .dt-css-grid {\n  grid-template-columns: repeat(2,1fr);\n  grid-template-rows: auto;\n  grid-column-gap: 30px;\n  grid-row-gap: 30px;\n}\n.cssgridlegacy.no-cssgrid .products-shortcode.products-masonry-shortcode-id-b1ef9e8baef8abfa1ec80f6efff40315.resize-by-browser-width .dt-css-grid,\n.no-cssgridlegacy.no-cssgrid .products-shortcode.products-masonry-shortcode-id-b1ef9e8baef8abfa1ec80f6efff40315.resize-by-browser-width .dt-css-grid {\n  margin: -15px;\n}\n.cssgridlegacy.no-cssgrid .products-shortcode.products-masonry-shortcode-id-b1ef9e8baef8abfa1ec80f6efff40315.resize-by-browser-width .dt-css-grid .wf-cell,\n.no-cssgridlegacy.no-cssgrid .products-shortcode.products-masonry-shortcode-id-b1ef9e8baef8abfa1ec80f6efff40315.resize-by-browser-width .dt-css-grid .wf-cell {\n  width: 50%;\n  padding: 15px;\n}\n@media screen and (max-width: 1199px) {\n  .products-shortcode.products-masonry-shortcode-id-b1ef9e8baef8abfa1ec80f6efff40315.resize-by-browser-width .dt-css-grid {\n    grid-template-columns: repeat(2,1fr);\n  }\n  .cssgridlegacy.no-cssgrid .products-shortcode.products-masonry-shortcode-id-b1ef9e8baef8abfa1ec80f6efff40315.resize-by-browser-width .dt-css-grid .wf-cell,\n  .no-cssgridlegacy.no-cssgrid .products-shortcode.products-masonry-shortcode-id-b1ef9e8baef8abfa1ec80f6efff40315.resize-by-browser-width .dt-css-grid .wf-cell {\n    width: 50%;\n  }\n}\n@media screen and (max-width: 991px) {\n  .products-shortcode.products-masonry-shortcode-id-b1ef9e8baef8abfa1ec80f6efff40315.resize-by-browser-width .dt-css-grid {\n    grid-template-columns: repeat(2,1fr);\n  }\n  .cssgridlegacy.no-cssgrid .products-shortcode.products-masonry-shortcode-id-b1ef9e8baef8abfa1ec80f6efff40315.resize-by-browser-width .dt-css-grid .wf-cell,\n  .no-cssgridlegacy.no-cssgrid .products-shortcode.products-masonry-shortcode-id-b1ef9e8baef8abfa1ec80f6efff40315.resize-by-browser-width .dt-css-grid .wf-cell {\n    width: 50%;\n  }\n}\n@media screen and (max-width: 767px) {\n  .products-shortcode.products-masonry-shortcode-id-b1ef9e8baef8abfa1ec80f6efff40315.resize-by-browser-width .dt-css-grid {\n    grid-template-columns: repeat(1,1fr);\n  }\n  .cssgridlegacy.no-cssgrid .products-shortcode.products-masonry-shortcode-id-b1ef9e8baef8abfa1ec80f6efff40315.resize-by-browser-width .dt-css-grid .wf-cell,\n  .no-cssgridlegacy.no-cssgrid .products-shortcode.products-masonry-shortcode-id-b1ef9e8baef8abfa1ec80f6efff40315.resize-by-browser-width .dt-css-grid .wf-cell {\n    width: 100%;\n  }\n}<\/style><div class=\"products-shortcode products-masonry-shortcode-id-b1ef9e8baef8abfa1ec80f6efff40315 mode-grid cart-btn-below-img jquery-filter wc-img-hover dt-css-grid-wrap resize-by-browser-width loading-effect-none description-under-image content-align-centre wc-grid\" data-padding=\"15px\" data-cur-page=\"1\" data-post-limit=\"-1\" data-pagination-mode=\"none\" data-desktop-columns-num=\"2\" data-v-tablet-columns-num=\"2\" data-h-tablet-columns-num=\"2\" data-phone-columns-num=\"1\" data-width=\"0px\" data-columns=\"0\"><div class=\"dt-css-grid\" ><div class=\"visible wf-cell category-169 visible\" data-post-id=\"5743\" data-date=\"2022-12-07T20:01:46+02:00\" data-name=\"Coffret de d\u00e9gustation Cr\u00e9mant\"><article class=\"post project-odd visible description-off product type-product post-5743 status-publish first instock product_cat-package-de-degustation has-post-thumbnail taxable shipping-taxable purchasable product-type-simple\" ><figure class=\"woocom-project\">\n\t<div class=\"woo-buttons-on-img\">\n\n\t\t<a href=\"https:\/\/www.max-lahr.lu\/fr\/weinshop\/coffret-de-degustation-cremant\/\" class=\"alignnone layzr-bg\"><img loading=\"lazy\" decoding=\"async\" width=\"240\" height=\"359\" src=\"data:image\/svg+xml;charset=utf-8,%3Csvg xmlns%3D&#039;http%3A%2F%2Fwww.w3.org%2F2000%2Fsvg&#039; viewBox%3D&#039;0 0 240 359&#039;%2F%3E\" class=\"attachment-woocommerce_thumbnail size-woocommerce_thumbnail iso-lazy-load preload-me\" alt=\"Coffret de d\u00e9gustation Cr\u00e9mant\" data-src=\"https:\/\/www.max-lahr.lu\/wp-content\/uploads\/2024\/12\/Cremant_Package-240x359.jpg\" data-srcset=\"https:\/\/www.max-lahr.lu\/wp-content\/uploads\/2024\/12\/Cremant_Package-240x359.jpg 240w, https:\/\/www.max-lahr.lu\/wp-content\/uploads\/2024\/12\/Cremant_Package-200x300.jpg 200w, https:\/\/www.max-lahr.lu\/wp-content\/uploads\/2024\/12\/Cremant_Package-684x1024.jpg 684w, https:\/\/www.max-lahr.lu\/wp-content\/uploads\/2024\/12\/Cremant_Package-768x1149.jpg 768w, https:\/\/www.max-lahr.lu\/wp-content\/uploads\/2024\/12\/Cremant_Package-1027x1536.jpg 1027w, https:\/\/www.max-lahr.lu\/wp-content\/uploads\/2024\/12\/Cremant_Package-290x434.jpg 290w, https:\/\/www.max-lahr.lu\/wp-content\/uploads\/2024\/12\/Cremant_Package-rotated.jpg 1080w\" \/><\/a>\n\t<\/div>\n\t<figcaption class=\"woocom-list-content\">\n\n\t\t\n\t<p class=\"wc-gzd-additional-info wc-gzd-additional-info-loop tax-info\">TVA 17% incluse<\/p>\n\n\n<div class=\"woocommerce-product-details__short-description\">\n\t<p>Pour les amoureux du Cr\u00e9mant, nous avons compos\u00e9 ce coffret de d\u00e9gustation. Les cr\u00e9mants qu&rsquo;il contient sont les suivants :<\/p>\n<ul>\n<li><a href=\"https:\/\/www.max-lahr.lu\/weinshop\/cremant-brut-rose-gold\/\">Cr\u00e9mant brut \u201eros\u00e9 Gold\u201c<\/a><\/li>\n<li><a href=\"https:\/\/www.max-lahr.lu\/weinshop\/cremant-brut-cuvee-celine\/\">Cr\u00e9mant brut Cuv\u00e9e C\u00e9line<\/a><\/li>\n<li><a href=\"https:\/\/www.max-lahr.lu\/weinshop\/cremant-brut-max-lahr\/\">Cr\u00e9mant brut Max-Lahr<\/a><\/li>\n<\/ul>\n<p>Pour plus d&rsquo;informations, veuillez consulter les Cr\u00e9mants correspondants.<\/p>\n<\/div>\n<div class=\"woo-buttons\"><a href=\"\/fr\/wp-json\/wp\/v2\/pages\/4559?add-to-cart=5743\" aria-describedby=\"woocommerce_loop_add_to_cart_link_describedby_5743\" data-quantity=\"1\" class=\"product_type_simple add_to_cart_button ajax_add_to_cart\" data-product_id=\"5743\" data-product_sku=\"\" aria-label=\"Ajouter au panier\u00a0: &ldquo;Coffret de d\u00e9gustation Cr\u00e9mant&rdquo;\" rel=\"nofollow\" data-success_message=\"\u00ab\u00a0Coffret de d\u00e9gustation Cr\u00e9mant\u00a0\u00bb a \u00e9t\u00e9 ajout\u00e9 \u00e0 votre panier\">Ajouter au panier<\/a>\t<span id=\"woocommerce_loop_add_to_cart_link_describedby_5743\" class=\"screen-reader-text\">\n\t\t\t<\/span>\n<\/div>\n\t<\/figcaption>\n<\/figure>\n<\/article><\/div><\/div><!-- iso-container|iso-grid --><\/div>[\/vc_column][vc_column width=\u00a0\u00bb1\/3&Prime;][\/vc_column][\/vc_row][vc_row type=\u00a0\u00bbvc_default\u00a0\u00bb full_width=\u00a0\u00bbstretch_row_content_no_spaces\u00a0\u00bb bg_type=\u00a0\u00bbbg_color\u00a0\u00bb bg_override=\u00a0\u00bbex-full\u00a0\u00bb][vc_column css=\u00a0\u00bb.vc_custom_1733855980723{padding-top: 200px !important;padding-bottom: 200px !important;background-image: url(https://spcdn.shortpixel.ai/spio/ret_img,q_cdnize,to_webp,s_webp/www.max-lahr.lu/wp-content/uploads/2024/12/Package-Max-Lahr-Luxembourg.jpg?id=6861) !important;background-position: center !important;background-repeat: no-repeat !important;background-size: cover !important;}\u00a0\u00bb][\/vc_column][\/vc_row]<\/p>\n<\/div>","protected":false},"excerpt":{"rendered":"<p>[vc_row type=\u00a0\u00bbvc_default\u00a0\u00bb bg_type=\u00a0\u00bbimage\u00a0\u00bb parallax_style=\u00a0\u00bbvcpb-default\u00a0\u00bb bg_image_new=\u00a0\u00bbid^5840|url^https:\/\/www.max-lahr.lu\/wp-content\/uploads\/2023\/01\/Max-Lahr_Glaeser.jpeg|caption^null|alt^null|title^Max-Lahr_Gl\u00e4ser|description^null\u00a0\u00bb bg_override=\u00a0\u00bbex-full\u00a0\u00bb css=\u00a0\u00bb.vc_custom_1674940428253{margin-top: -20px !important;padding-top: 70px !important;padding-bottom: 70px !important;}\u00a0\u00bb][vc_column width=\u00a0\u00bb1\/4&Prime;][\/vc_column][vc_column width=\u00a0\u00bb3\/4&Prime; css=\u00a0\u00bb.vc_custom_1633631927228{padding-top: 30px !important;padding-right: 30px !important;padding-bottom: 30px !important;padding-left: 30px !important;background-color: #f4f3f3 !important;}\u00a0\u00bb el_class=\u00a0\u00bbmlf_cremants\u00a0\u00bb][vc_column_text] Nos paquets de&hellip;<\/p>\n","protected":false},"author":1,"featured_media":0,"parent":4548,"menu_order":0,"comment_status":"closed","ping_status":"closed","template":"","meta":{"footnotes":""},"class_list":["post-4559","page","type-page","status-publish","hentry","description-off"],"yoast_head":"<!-- This site is optimized with the Yoast SEO plugin v27.5 - https:\/\/yoast.com\/product\/yoast-seo-wordpress\/ -->\n<title>Les Paquets de Vins | Max-Lahr et Fils<\/title>\n<meta name=\"description\" content=\"Cette ann\u00e9e vous avez \u00e0 nouveau la possibilit\u00e9 de commander un package individuels ou d\u00e9j\u00e0 pr\u00e9parer de notre part.\" \/>\n<meta name=\"robots\" content=\"index, follow, max-snippet:-1, max-image-preview:large, max-video-preview:-1\" \/>\n<link rel=\"canonical\" href=\"https:\/\/www.max-lahr.lu\/fr\/la-boutique-en-ligne\/nos-paquets-de-vins\/\" \/>\n<meta property=\"og:locale\" content=\"fr_FR\" \/>\n<meta property=\"og:type\" content=\"article\" \/>\n<meta property=\"og:title\" content=\"Les Paquets de Vins | Max-Lahr et Fils\" \/>\n<meta property=\"og:description\" content=\"Cette ann\u00e9e vous avez \u00e0 nouveau la possibilit\u00e9 de commander un package individuels ou d\u00e9j\u00e0 pr\u00e9parer de notre part.\" \/>\n<meta property=\"og:url\" content=\"https:\/\/www.max-lahr.lu\/fr\/la-boutique-en-ligne\/nos-paquets-de-vins\/\" \/>\n<meta property=\"og:site_name\" content=\"Max-Lahr et Fils\" \/>\n<meta property=\"article:modified_time\" content=\"2024-12-10T22:22:40+00:00\" \/>\n<script type=\"application\/ld+json\" class=\"yoast-schema-graph\">{\"@context\":\"https:\\\/\\\/schema.org\",\"@graph\":[{\"@type\":\"WebPage\",\"@id\":\"https:\\\/\\\/www.max-lahr.lu\\\/fr\\\/la-boutique-en-ligne\\\/nos-paquets-de-vins\\\/\",\"url\":\"https:\\\/\\\/www.max-lahr.lu\\\/fr\\\/la-boutique-en-ligne\\\/nos-paquets-de-vins\\\/\",\"name\":\"Les Paquets de Vins | Max-Lahr et Fils\",\"isPartOf\":{\"@id\":\"https:\\\/\\\/www.max-lahr.lu\\\/#website\"},\"datePublished\":\"2022-02-10T12:00:42+00:00\",\"dateModified\":\"2024-12-10T22:22:40+00:00\",\"description\":\"Cette ann\u00e9e vous avez \u00e0 nouveau la possibilit\u00e9 de commander un package individuels ou d\u00e9j\u00e0 pr\u00e9parer de notre part.\",\"breadcrumb\":{\"@id\":\"https:\\\/\\\/www.max-lahr.lu\\\/fr\\\/la-boutique-en-ligne\\\/nos-paquets-de-vins\\\/#breadcrumb\"},\"inLanguage\":\"fr-FR\",\"potentialAction\":[{\"@type\":\"ReadAction\",\"target\":[\"https:\\\/\\\/www.max-lahr.lu\\\/fr\\\/la-boutique-en-ligne\\\/nos-paquets-de-vins\\\/\"]}]},{\"@type\":\"BreadcrumbList\",\"@id\":\"https:\\\/\\\/www.max-lahr.lu\\\/fr\\\/la-boutique-en-ligne\\\/nos-paquets-de-vins\\\/#breadcrumb\",\"itemListElement\":[{\"@type\":\"ListItem\",\"position\":1,\"name\":\"Home\",\"item\":\"https:\\\/\\\/www.max-lahr.lu\\\/\"},{\"@type\":\"ListItem\",\"position\":2,\"name\":\"La Boutique en Ligne\",\"item\":\"https:\\\/\\\/www.max-lahr.lu\\\/fr\\\/la-boutique-en-ligne\\\/\"},{\"@type\":\"ListItem\",\"position\":3,\"name\":\"Les Paquets de Vins\"}]},{\"@type\":\"WebSite\",\"@id\":\"https:\\\/\\\/www.max-lahr.lu\\\/#website\",\"url\":\"https:\\\/\\\/www.max-lahr.lu\\\/\",\"name\":\"Max-Lahr et Fils\",\"description\":\"Weingut und Brennerei\",\"publisher\":{\"@id\":\"https:\\\/\\\/www.max-lahr.lu\\\/#organization\"},\"potentialAction\":[{\"@type\":\"SearchAction\",\"target\":{\"@type\":\"EntryPoint\",\"urlTemplate\":\"https:\\\/\\\/www.max-lahr.lu\\\/?s={search_term_string}\"},\"query-input\":{\"@type\":\"PropertyValueSpecification\",\"valueRequired\":true,\"valueName\":\"search_term_string\"}}],\"inLanguage\":\"fr-FR\"},{\"@type\":\"Organization\",\"@id\":\"https:\\\/\\\/www.max-lahr.lu\\\/#organization\",\"name\":\"Domaine Viticole Max-Lahr et fils\",\"url\":\"https:\\\/\\\/www.max-lahr.lu\\\/\",\"logo\":{\"@type\":\"ImageObject\",\"inLanguage\":\"fr-FR\",\"@id\":\"https:\\\/\\\/www.max-lahr.lu\\\/#\\\/schema\\\/logo\\\/image\\\/\",\"url\":\"\",\"contentUrl\":\"\",\"caption\":\"Domaine Viticole Max-Lahr et fils\"},\"image\":{\"@id\":\"https:\\\/\\\/www.max-lahr.lu\\\/#\\\/schema\\\/logo\\\/image\\\/\"}}]}<\/script>\n<!-- \/ Yoast SEO plugin. -->","yoast_head_json":{"title":"Les Paquets de Vins | Max-Lahr et Fils","description":"Cette ann\u00e9e vous avez \u00e0 nouveau la possibilit\u00e9 de commander un package individuels ou d\u00e9j\u00e0 pr\u00e9parer de notre part.","robots":{"index":"index","follow":"follow","max-snippet":"max-snippet:-1","max-image-preview":"max-image-preview:large","max-video-preview":"max-video-preview:-1"},"canonical":"https:\/\/www.max-lahr.lu\/fr\/la-boutique-en-ligne\/nos-paquets-de-vins\/","og_locale":"fr_FR","og_type":"article","og_title":"Les Paquets de Vins | Max-Lahr et Fils","og_description":"Cette ann\u00e9e vous avez \u00e0 nouveau la possibilit\u00e9 de commander un package individuels ou d\u00e9j\u00e0 pr\u00e9parer de notre part.","og_url":"https:\/\/www.max-lahr.lu\/fr\/la-boutique-en-ligne\/nos-paquets-de-vins\/","og_site_name":"Max-Lahr et Fils","article_modified_time":"2024-12-10T22:22:40+00:00","schema":{"@context":"https:\/\/schema.org","@graph":[{"@type":"WebPage","@id":"https:\/\/www.max-lahr.lu\/fr\/la-boutique-en-ligne\/nos-paquets-de-vins\/","url":"https:\/\/www.max-lahr.lu\/fr\/la-boutique-en-ligne\/nos-paquets-de-vins\/","name":"Les Paquets de Vins | Max-Lahr et Fils","isPartOf":{"@id":"https:\/\/www.max-lahr.lu\/#website"},"datePublished":"2022-02-10T12:00:42+00:00","dateModified":"2024-12-10T22:22:40+00:00","description":"Cette ann\u00e9e vous avez \u00e0 nouveau la possibilit\u00e9 de commander un package individuels ou d\u00e9j\u00e0 pr\u00e9parer de notre part.","breadcrumb":{"@id":"https:\/\/www.max-lahr.lu\/fr\/la-boutique-en-ligne\/nos-paquets-de-vins\/#breadcrumb"},"inLanguage":"fr-FR","potentialAction":[{"@type":"ReadAction","target":["https:\/\/www.max-lahr.lu\/fr\/la-boutique-en-ligne\/nos-paquets-de-vins\/"]}]},{"@type":"BreadcrumbList","@id":"https:\/\/www.max-lahr.lu\/fr\/la-boutique-en-ligne\/nos-paquets-de-vins\/#breadcrumb","itemListElement":[{"@type":"ListItem","position":1,"name":"Home","item":"https:\/\/www.max-lahr.lu\/"},{"@type":"ListItem","position":2,"name":"La Boutique en Ligne","item":"https:\/\/www.max-lahr.lu\/fr\/la-boutique-en-ligne\/"},{"@type":"ListItem","position":3,"name":"Les Paquets de Vins"}]},{"@type":"WebSite","@id":"https:\/\/www.max-lahr.lu\/#website","url":"https:\/\/www.max-lahr.lu\/","name":"Max-Lahr et Fils","description":"Weingut und Brennerei","publisher":{"@id":"https:\/\/www.max-lahr.lu\/#organization"},"potentialAction":[{"@type":"SearchAction","target":{"@type":"EntryPoint","urlTemplate":"https:\/\/www.max-lahr.lu\/?s={search_term_string}"},"query-input":{"@type":"PropertyValueSpecification","valueRequired":true,"valueName":"search_term_string"}}],"inLanguage":"fr-FR"},{"@type":"Organization","@id":"https:\/\/www.max-lahr.lu\/#organization","name":"Domaine Viticole Max-Lahr et fils","url":"https:\/\/www.max-lahr.lu\/","logo":{"@type":"ImageObject","inLanguage":"fr-FR","@id":"https:\/\/www.max-lahr.lu\/#\/schema\/logo\/image\/","url":"","contentUrl":"","caption":"Domaine Viticole Max-Lahr et fils"},"image":{"@id":"https:\/\/www.max-lahr.lu\/#\/schema\/logo\/image\/"}}]}},"_links":{"self":[{"href":"https:\/\/www.max-lahr.lu\/fr\/wp-json\/wp\/v2\/pages\/4559","targetHints":{"allow":["GET"]}}],"collection":[{"href":"https:\/\/www.max-lahr.lu\/fr\/wp-json\/wp\/v2\/pages"}],"about":[{"href":"https:\/\/www.max-lahr.lu\/fr\/wp-json\/wp\/v2\/types\/page"}],"author":[{"embeddable":true,"href":"https:\/\/www.max-lahr.lu\/fr\/wp-json\/wp\/v2\/users\/1"}],"replies":[{"embeddable":true,"href":"https:\/\/www.max-lahr.lu\/fr\/wp-json\/wp\/v2\/comments?post=4559"}],"version-history":[{"count":0,"href":"https:\/\/www.max-lahr.lu\/fr\/wp-json\/wp\/v2\/pages\/4559\/revisions"}],"up":[{"embeddable":true,"href":"https:\/\/www.max-lahr.lu\/fr\/wp-json\/wp\/v2\/pages\/4548"}],"wp:attachment":[{"href":"https:\/\/www.max-lahr.lu\/fr\/wp-json\/wp\/v2\/media?parent=4559"}],"curies":[{"name":"wp","href":"https:\/\/api.w.org\/{rel}","templated":true}]}}